{"id":246,"date":"2024-03-27T08:26:57","date_gmt":"2024-03-27T07:26:57","guid":{"rendered":"https:\/\/www.sace.fr\/?page_id=246"},"modified":"2025-12-05T10:19:43","modified_gmt":"2025-12-05T09:19:43","slug":"ecole-primaire-emile-zola","status":"publish","type":"page","link":"https:\/\/www.sace.fr\/index.php\/la-vie-communale\/jeunesse\/ecole-primaire-emile-zola\/","title":{"rendered":"\u00c9cole primaire \u00c9mile Zola"},"content":{"rendered":"\n<p>Pour cette ann\u00e9e 2025-2026, l\u2019\u00e9cole \u00c9mile Zola accueille 55 \u00e9l\u00e8ves r\u00e9partis dans les 3 classes. Si l\u2019\u00e9quipe enseignante est stable depuis plusieurs ann\u00e9es, la cour de l\u2019\u00e9cole a quant \u00e0 elle \u00e9volu\u00e9 depuis l\u2019ann\u00e9e derni\u00e8re avec deux nouvelles zones qui seront prochainement v\u00e9g\u00e9talis\u00e9es. Une nouvelle structure a \u00e9t\u00e9 install\u00e9e pour les plus jeunes tandis que les grands profitent d\u2019un circuit de billes int\u00e9gr\u00e9 au sol.<\/p>\n\n\n\n<figure class=\"wp-block-image size-large\"><img loading=\"lazy\" decoding=\"async\" width=\"768\" height=\"1024\" src=\"https:\/\/www.sace.fr\/wp-content\/uploads\/2025\/12\/ecole1-768x1024.jpg\" alt=\"\" class=\"wp-image-963\" srcset=\"https:\/\/www.sace.fr\/wp-content\/uploads\/2025\/12\/ecole1-768x1024.jpg 768w, https:\/\/www.sace.fr\/wp-content\/uploads\/2025\/12\/ecole1-225x300.jpg 225w, https:\/\/www.sace.fr\/wp-content\/uploads\/2025\/12\/ecole1-1152x1536.jpg 1152w, https:\/\/www.sace.fr\/wp-content\/uploads\/2025\/12\/ecole1-1536x2048.jpg 1536w, https:\/\/www.sace.fr\/wp-content\/uploads\/2025\/12\/ecole1-scaled.jpg 1920w\" sizes=\"auto, (max-width: 768px) 100vw, 768px\" \/><\/figure>\n\n\n\n<p>La th\u00e9matique retenue cette ann\u00e9e par les enseignants est \u00ab\u00a0<em>Environs et environnement<\/em>\u00a0\u00bb. Durant cette ann\u00e9e scolaire, les enfants vont d\u00e9couvrir ou red\u00e9couvrir les abords de l\u2019\u00e9cole \u00e0 plus ou moins grande \u00e9chelle. L\u2019\u00e9cologie et le respect de l\u2019environnement sont \u00e9galement au programme. Cela a d\u00e9j\u00e0 d\u00e9but\u00e9 avec le ramassage des d\u00e9chets sur la commune avec tous les \u00e9l\u00e8ves et d\u2019autres interventions sont d\u00e9j\u00e0 programm\u00e9es dans toutes les classes.<\/p>\n\n\n\n<p>Les CM ont de leur c\u00f4t\u00e9 b\u00e9n\u00e9fici\u00e9 d\u2019activit\u00e9s avec un animateur nature, un conf\u00e9rencier ou encore un illustrateur au sein au village avant de d\u00e9couvrir l\u2019exposition du ch\u00e2teau de Mayenne.<\/p>\n\n\n\n<p>Comme tous les ans, cette ann\u00e9e sera ponctu\u00e9e par de nombreuses activit\u00e9s, aussi bien citoyennes que culturelles ou sportives afin de garantir le bien-\u00eatre des \u00e9l\u00e8ves \u00e0 l\u2019\u00e9cole.<\/p>\n\n\n\n<p class=\"has-text-align-center\"><\/p>\n","protected":false},"excerpt":{"rendered":"<p>Pour cette ann\u00e9e 2025-2026, l\u2019\u00e9cole \u00c9mile Zola accueille 55 \u00e9l\u00e8ves r\u00e9partis dans les 3 classes. Si l\u2019\u00e9quipe enseignante est stable depuis plusieurs ann\u00e9es, la cour de l\u2019\u00e9cole a quant \u00e0 [&hellip;]<\/p>\n","protected":false},"author":1,"featured_media":0,"parent":255,"menu_order":2,"comment_status":"closed","ping_status":"closed","template":"","meta":{"_EventAllDay":false,"_EventTimezone":"","_EventStartDate":"","_EventEndDate":"","_EventStartDateUTC":"","_EventEndDateUTC":"","_EventShowMap":false,"_EventShowMapLink":false,"_EventURL":"","_EventCost":"","_EventCostDescription":"","_EventCurrencySymbol":"","_EventCurrencyCode":"","_EventCurrencyPosition":"","_EventDateTimeSeparator":"","_EventTimeRangeSeparator":"","_EventOrganizerID":[],"_EventVenueID":[],"_OrganizerEmail":"","_OrganizerPhone":"","_OrganizerWebsite":"","_VenueAddress":"","_VenueCity":"","_VenueCountry":"","_VenueProvince":"","_VenueState":"","_VenueZip":"","_VenuePhone":"","_VenueURL":"","_VenueStateProvince":"","_VenueLat":"","_VenueLng":"","_VenueShowMap":false,"_VenueShowMapLink":false,"footnotes":""},"class_list":["post-246","page","type-page","status-publish","hentry"],"_links":{"self":[{"href":"https:\/\/www.sace.fr\/index.php\/wp-json\/wp\/v2\/pages\/246","targetHints":{"allow":["GET"]}}],"collection":[{"href":"https:\/\/www.sace.fr\/index.php\/wp-json\/wp\/v2\/pages"}],"about":[{"href":"https:\/\/www.sace.fr\/index.php\/wp-json\/wp\/v2\/types\/page"}],"author":[{"embeddable":true,"href":"https:\/\/www.sace.fr\/index.php\/wp-json\/wp\/v2\/users\/1"}],"replies":[{"embeddable":true,"href":"https:\/\/www.sace.fr\/index.php\/wp-json\/wp\/v2\/comments?post=246"}],"version-history":[{"count":8,"href":"https:\/\/www.sace.fr\/index.php\/wp-json\/wp\/v2\/pages\/246\/revisions"}],"predecessor-version":[{"id":964,"href":"https:\/\/www.sace.fr\/index.php\/wp-json\/wp\/v2\/pages\/246\/revisions\/964"}],"up":[{"embeddable":true,"href":"https:\/\/www.sace.fr\/index.php\/wp-json\/wp\/v2\/pages\/255"}],"wp:attachment":[{"href":"https:\/\/www.sace.fr\/index.php\/wp-json\/wp\/v2\/media?parent=246"}],"curies":[{"name":"wp","href":"https:\/\/api.w.org\/{rel}","templated":true}]}}