{"id":298,"date":"2024-03-27T09:49:39","date_gmt":"2024-03-27T08:49:39","guid":{"rendered":"https:\/\/www.sace.fr\/?page_id=298"},"modified":"2025-11-26T16:26:52","modified_gmt":"2025-11-26T15:26:52","slug":"carte-didentite","status":"publish","type":"page","link":"https:\/\/www.sace.fr\/index.php\/en-pratique\/demarches-administratives\/carte-didentite\/","title":{"rendered":"Carte d&rsquo;identit\u00e9"},"content":{"rendered":"\n<p><strong>Depuis le 1er mars 2017<\/strong>, les demandes de carte nationale d\u2019identit\u00e9 (CNI) doivent \u00eatre d\u00e9pos\u00e9es aupr\u00e8s des communes \u00e9quip\u00e9es d\u2019un dispositif de prise d\u2019empreintes digitales. Les plus proche de Sac\u00e9 sont les mairies de Martign\u00e9, Andouill\u00e9, Commer, Louvern\u00e9. Voici la carte compl\u00e8te des mairies \u00e9quip\u00e9es en Mayenne :<\/p>\n\n\n\n<figure class=\"wp-block-image size-large is-resized\"><img loading=\"lazy\" decoding=\"async\" width=\"724\" height=\"1024\" src=\"https:\/\/www.sace.fr\/wp-content\/uploads\/2025\/11\/2024-01-31_DDT_cartographie_38_communes_Dispositif-de-recueil_page-0001-724x1024.jpg\" alt=\"\" class=\"wp-image-881\" style=\"width:1000px;height:auto\" srcset=\"https:\/\/www.sace.fr\/wp-content\/uploads\/2025\/11\/2024-01-31_DDT_cartographie_38_communes_Dispositif-de-recueil_page-0001-724x1024.jpg 724w, https:\/\/www.sace.fr\/wp-content\/uploads\/2025\/11\/2024-01-31_DDT_cartographie_38_communes_Dispositif-de-recueil_page-0001-212x300.jpg 212w, https:\/\/www.sace.fr\/wp-content\/uploads\/2025\/11\/2024-01-31_DDT_cartographie_38_communes_Dispositif-de-recueil_page-0001-768x1087.jpg 768w, https:\/\/www.sace.fr\/wp-content\/uploads\/2025\/11\/2024-01-31_DDT_cartographie_38_communes_Dispositif-de-recueil_page-0001-1085x1536.jpg 1085w, https:\/\/www.sace.fr\/wp-content\/uploads\/2025\/11\/2024-01-31_DDT_cartographie_38_communes_Dispositif-de-recueil_page-0001.jpg 1240w\" sizes=\"auto, (max-width: 724px) 100vw, 724px\" \/><\/figure>\n\n\n\n<p><\/p>\n\n\n\n<p>Pour demander une carte d\u2019identit\u00e9,\u00a0les pi\u00e8ces justificatives n\u00e9cessaires\u00a0d\u00e9pendent de la situation : majeur ou mineur, premi\u00e8re demande ou renouvellement,\u2026 Le d\u00e9lai pour obtenir sa carte d\u2019identit\u00e9 \u00e0 partir du d\u00e9p\u00f4t\u00a0d\u2019un dossier complet est\u00a0de 2 mois maximum. Voici le d\u00e9tail des pi\u00e8ces \u00e0 fournir :<\/p>\n\n\n\n<figure class=\"wp-block-table\"><table class=\"has-fixed-layout\"><tbody><tr><td rowspan=\"2\"><\/td><td class=\"has-text-align-left\" data-align=\"left\"><strong>Pour un mineur :<\/strong><\/td><td><strong>Pour un majeur :<\/strong><\/td><\/tr><tr><td class=\"has-text-align-left\" data-align=\"left\">Au d\u00e9p\u00f4t du dossier : pr\u00e9sence du mineur et du titulaire de l\u2019autorit\u00e9 parentale.<br>Au retrait de la carte : la pr\u00e9sence du mineur n&rsquo;est pas indispensable.<\/td><td>La&nbsp;pr\u00e9sence du demandeur est obligatoire&nbsp;lors du d\u00e9p\u00f4t du dossier et lors du retrait de la carte d\u2019identit\u00e9.<\/td><\/tr><tr><td rowspan=\"2\"><strong>Premi\u00e8re carte d&rsquo;identit\u00e9 :<\/strong><\/td><td class=\"has-text-align-left\" data-align=\"left\"><\/td><td>un document officiel avec photo (passeport m\u00eame p\u00e9rim\u00e9, permis de conduire, permis de chasser, carte professionnelle, carte Vitale 2, carte d\u2019\u00e9tudiant\u2026) \u2013&nbsp;original + photocopie.<\/td><\/tr><tr><td class=\"has-text-align-left\" data-align=\"left\" colspan=\"2\">un extrait d\u2019acte de naissance&nbsp;\u00e0 jour, datant de moins de 3 mois,&nbsp;comportant les&nbsp;date et lieu de naissance de vos parents&nbsp;\u00e0 demander par courrier \u00e0 la mairie de votre lieu de naissance ou par&nbsp;<a href=\"https:\/\/www.service-public.fr\/particuliers\/vosdroits\/F1427\" target=\"_blank\" rel=\"noreferrer noopener\">internet<\/a>.<\/td><\/tr><tr><td><strong>Renouvellement de carte :<\/strong><\/td><td class=\"has-text-align-left\" data-align=\"left\">Son ancienne carte nationale d\u2019identit\u00e9&nbsp;(et son passeport, en original + photocopie de la page relative \u00e0 l\u2019identit\u00e9, si sa carte est p\u00e9rim\u00e9e&nbsp;depuis plus&nbsp;de 5 ans).&nbsp;La carte vous sera rendue mais vous devrez imp\u00e9rativement nous la restituer lors du retrait de la nouvelle.<\/td><td>Votre ancienne carte nationale d\u2019identit\u00e9&nbsp;(et votre passeport, original + photocopie de la page relative \u00e0 l\u2019identit\u00e9, si votre carte est p\u00e9rim\u00e9e depuis plus de 5 ans). La carte vous sera rendue mais vous devrez imp\u00e9rativement nous la restituer lors du retrait de la nouvelle.<\/td><\/tr><tr><td rowspan=\"3\"><strong>Dans tous les cas<\/strong> :<\/td><td class=\"has-text-align-left\" data-align=\"left\" colspan=\"2\">Remplir le formulaire de demande, disponible sur le&nbsp;<a href=\"https:\/\/passeport.ants.gouv.fr\/Services-associes\/Realiser-une-pre-demande-de-carte-nationale-d-identite-CNI\" target=\"_blank\" rel=\"noreferrer noopener\">site de l\u2019Agence Nationale des Titres S\u00e9curis\u00e9s<\/a>&nbsp;ou en format papier \u00e0 la mairie.<\/td><\/tr><tr><td colspan=\"2\">1 photo d\u2019identit\u00e9 couleur&nbsp;de moins de 3&nbsp;mois,&nbsp;il est recommand\u00e9e de la r\u00e9aliser chez un photographe agr\u00e9\u00e9 (photos num\u00e9riques personnelles non accept\u00e9es).<\/td><\/tr><tr><td colspan=\"2\">1 justificatif de domicile&nbsp;de moins de 3 mois&nbsp;\u00e0 vos noms et pr\u00e9noms (facture d\u2019eau, d\u2019\u00e9lectricit\u00e9, de gaz ou de t\u00e9l\u00e9phone fixe ou mobile,&nbsp;avis d\u2019imposition ou de non-imposition sur les revenus ou sur l\u2019habitation). <br>Si vous \u00eates h\u00e9berg\u00e9(e) chez quelqu\u2019un&nbsp;OU&nbsp;si vous \u00eates majeur(e) et que vous habitez chez vos parents, fournir un justificatif au nom de l\u2019h\u00e9bergeant, l\u2019original&nbsp;de sa pi\u00e8ce d\u2019identit\u00e9 et une attestation sur l\u2019honneur dat\u00e9e et sign\u00e9e par celui-ci mentionnant son adresse et indiquant que vous r\u00e9sidez depuis plus de trois mois \u00e0 son domicile.<\/td><\/tr><\/tbody><\/table><\/figure>\n\n\n\n<ol class=\"wp-block-list\"><\/ol>\n","protected":false},"excerpt":{"rendered":"<p>Depuis le 1er mars 2017, les demandes de carte nationale d\u2019identit\u00e9 (CNI) doivent \u00eatre d\u00e9pos\u00e9es aupr\u00e8s des communes \u00e9quip\u00e9es d\u2019un dispositif de prise d\u2019empreintes digitales. Les plus proche de Sac\u00e9 [&hellip;]<\/p>\n","protected":false},"author":1,"featured_media":0,"parent":296,"menu_order":0,"comment_status":"closed","ping_status":"closed","template":"","meta":{"_EventAllDay":false,"_EventTimezone":"","_EventStartDate":"","_EventEndDate":"","_EventStartDateUTC":"","_EventEndDateUTC":"","_EventShowMap":false,"_EventShowMapLink":false,"_EventURL":"","_EventCost":"","_EventCostDescription":"","_EventCurrencySymbol":"","_EventCurrencyCode":"","_EventCurrencyPosition":"","_EventDateTimeSeparator":"","_EventTimeRangeSeparator":"","_EventOrganizerID":[],"_EventVenueID":[],"_OrganizerEmail":"","_OrganizerPhone":"","_OrganizerWebsite":"","_VenueAddress":"","_VenueCity":"","_VenueCountry":"","_VenueProvince":"","_VenueState":"","_VenueZip":"","_VenuePhone":"","_VenueURL":"","_VenueStateProvince":"","_VenueLat":"","_VenueLng":"","_VenueShowMap":false,"_VenueShowMapLink":false,"footnotes":""},"class_list":["post-298","page","type-page","status-publish","hentry"],"_links":{"self":[{"href":"https:\/\/www.sace.fr\/index.php\/wp-json\/wp\/v2\/pages\/298","targetHints":{"allow":["GET"]}}],"collection":[{"href":"https:\/\/www.sace.fr\/index.php\/wp-json\/wp\/v2\/pages"}],"about":[{"href":"https:\/\/www.sace.fr\/index.php\/wp-json\/wp\/v2\/types\/page"}],"author":[{"embeddable":true,"href":"https:\/\/www.sace.fr\/index.php\/wp-json\/wp\/v2\/users\/1"}],"replies":[{"embeddable":true,"href":"https:\/\/www.sace.fr\/index.php\/wp-json\/wp\/v2\/comments?post=298"}],"version-history":[{"count":13,"href":"https:\/\/www.sace.fr\/index.php\/wp-json\/wp\/v2\/pages\/298\/revisions"}],"predecessor-version":[{"id":894,"href":"https:\/\/www.sace.fr\/index.php\/wp-json\/wp\/v2\/pages\/298\/revisions\/894"}],"up":[{"embeddable":true,"href":"https:\/\/www.sace.fr\/index.php\/wp-json\/wp\/v2\/pages\/296"}],"wp:attachment":[{"href":"https:\/\/www.sace.fr\/index.php\/wp-json\/wp\/v2\/media?parent=298"}],"curies":[{"name":"wp","href":"https:\/\/api.w.org\/{rel}","templated":true}]}}